{"id":314,"date":"2025-04-15T17:50:36","date_gmt":"2025-04-15T16:50:36","guid":{"rendered":"https:\/\/moeysalen.no\/about\/"},"modified":"2025-05-13T19:43:33","modified_gmt":"2025-05-13T18:43:33","slug":"moysalen-tour","status":"publish","type":"page","link":"https:\/\/moeysalen.no\/en\/moysaltur\/","title":{"rendered":"M\u00f8ysalen tour"},"content":{"rendered":"\t\t<div data-elementor-type=\"wp-page\" data-elementor-id=\"314\" class=\"elementor elementor-314\" data-elementor-post-type=\"page\">\n\t\t\t\t<div class=\"elementor-element elementor-element-1c200f76 e-flex e-con-boxed e-con e-parent\" data-id=\"1c200f76\" data-element_type=\"container\" data-e-type=\"container\" data-settings=\"{&quot;background_background&quot;:&quot;classic&quot;,&quot;background_motion_fx_motion_fx_scrolling&quot;:&quot;yes&quot;,&quot;background_motion_fx_translateY_effect&quot;:&quot;yes&quot;,&quot;background_motion_fx_translateY_direction&quot;:&quot;negative&quot;,&quot;background_motion_fx_translateY_speed&quot;:{&quot;unit&quot;:&quot;px&quot;,&quot;size&quot;:&quot;1&quot;,&quot;sizes&quot;:[]},&quot;background_motion_fx_translateY_affectedRange&quot;:{&quot;unit&quot;:&quot;%&quot;,&quot;size&quot;:&quot;&quot;,&quot;sizes&quot;:{&quot;start&quot;:0,&quot;end&quot;:100}},&quot;background_motion_fx_devices&quot;:[&quot;desktop&quot;,&quot;tablet_extra&quot;,&quot;tablet&quot;,&quot;mobile&quot;]}\">\n\t\t\t\t\t<div class=\"e-con-inner\">\n\t\t\t\t<div class=\"elementor-element elementor-element-53dc4653 elementor-widget elementor-widget-heading\" data-id=\"53dc4653\" data-element_type=\"widget\" data-e-type=\"widget\" data-widget_type=\"heading.default\">\n\t\t\t\t<div class=\"elementor-widget-container\">\n\t\t\t\t\t<h3 class=\"elementor-heading-title elementor-size-default\">Det h\u00f8yeste fjellet i Vester\u00e5len<\/h3>\t\t\t\t<\/div>\n\t\t\t\t<\/div>\n\t\t\t\t<div class=\"elementor-element elementor-element-6f45d0bb elementor-widget elementor-widget-heading\" data-id=\"6f45d0bb\" data-element_type=\"widget\" data-e-type=\"widget\" data-widget_type=\"heading.default\">\n\t\t\t\t<div class=\"elementor-widget-container\">\n\t\t\t\t\t<h1 class=\"elementor-heading-title elementor-size-default\">Bestig M\u00f8ysalen<\/h1>\t\t\t\t<\/div>\n\t\t\t\t<\/div>\n\t\t\t\t<div class=\"elementor-element elementor-element-470ba1b2 elementor-widget elementor-widget-text-editor\" data-id=\"470ba1b2\" data-element_type=\"widget\" data-e-type=\"widget\" data-widget_type=\"text-editor.default\">\n\t\t\t\t<div class=\"elementor-widget-container\">\n\t\t\t\t\t\t\t\t\t<p>M\u00f8ysalen er et sagnomsust fjell med sine 1264 meter over havet, og byr p\u00e5 spektakul\u00e6r utsikt utover den vakre regionen v\u00e5r og en vakker naturopplevelse gjennom nasjonalparken.<\/p>\t\t\t\t\t\t\t\t<\/div>\n\t\t\t\t<\/div>\n\t\t\t\t\t<\/div>\n\t\t\t\t<\/div>\n\t\t<div class=\"elementor-element elementor-element-2a319b9e e-flex e-con-boxed e-con e-parent\" data-id=\"2a319b9e\" data-element_type=\"container\" data-e-type=\"container\">\n\t\t\t\t\t<div class=\"e-con-inner\">\n\t\t<div class=\"elementor-element elementor-element-2974186a e-flex e-con-boxed e-con e-child\" data-id=\"2974186a\" data-element_type=\"container\" data-e-type=\"container\">\n\t\t\t\t\t<div class=\"e-con-inner\">\n\t\t\t\t<div class=\"elementor-element elementor-element-62d13d7 elementor-widget elementor-widget-heading\" data-id=\"62d13d7\" data-element_type=\"widget\" data-e-type=\"widget\" data-widget_type=\"heading.default\">\n\t\t\t\t<div class=\"elementor-widget-container\">\n\t\t\t\t\t<h3 class=\"elementor-heading-title elementor-size-default\">M\u00f8ysaltur siden 2007<\/h3>\t\t\t\t<\/div>\n\t\t\t\t<\/div>\n\t\t\t\t<div class=\"elementor-element elementor-element-6328f1e6 elementor-widget elementor-widget-heading\" data-id=\"6328f1e6\" data-element_type=\"widget\" data-e-type=\"widget\" data-widget_type=\"heading.default\">\n\t\t\t\t<div class=\"elementor-widget-container\">\n\t\t\t\t\t<h2 class=\"elementor-heading-title elementor-size-default\">Guidet tur til M\u00f8ysalen<\/h2>\t\t\t\t<\/div>\n\t\t\t\t<\/div>\n\t\t\t\t\t<\/div>\n\t\t\t\t<\/div>\n\t\t<div class=\"elementor-element elementor-element-1812499b e-con-full e-flex e-con e-child\" data-id=\"1812499b\" data-element_type=\"container\" data-e-type=\"container\">\n\t\t<div class=\"elementor-element elementor-element-32713a0d e-con-full e-flex e-con e-child\" data-id=\"32713a0d\" data-element_type=\"container\" data-e-type=\"container\">\n\t\t\t\t<div class=\"elementor-element elementor-element-2ed49c48 elementor-widget elementor-widget-image\" data-id=\"2ed49c48\" data-element_type=\"widget\" data-e-type=\"widget\" data-settings=\"{&quot;motion_fx_motion_fx_scrolling&quot;:&quot;yes&quot;,&quot;motion_fx_translateY_effect&quot;:&quot;yes&quot;,&quot;motion_fx_translateY_direction&quot;:&quot;negative&quot;,&quot;motion_fx_translateY_speed&quot;:{&quot;unit&quot;:&quot;px&quot;,&quot;size&quot;:&quot;1.5&quot;,&quot;sizes&quot;:[]},&quot;motion_fx_devices&quot;:[&quot;desktop&quot;,&quot;tablet&quot;],&quot;motion_fx_translateY_affectedRange&quot;:{&quot;unit&quot;:&quot;%&quot;,&quot;size&quot;:&quot;&quot;,&quot;sizes&quot;:{&quot;start&quot;:&quot;0&quot;,&quot;end&quot;:&quot;50&quot;}}}\" data-widget_type=\"image.default\">\n\t\t\t\t<div class=\"elementor-widget-container\">\n\t\t\t\t\t\t\t\t\t\t\t\t\t\t\t<img fetchpriority=\"high\" decoding=\"async\" width=\"1000\" height=\"754\" src=\"https:\/\/moeysalen.no\/wp-content\/uploads\/2025\/04\/moysaltur-guiding-sikring-isbre.jpg\" class=\"attachment-full size-full wp-image-691\" alt=\"Sikring med tau f\u00f8r turen g\u00e5r over isbreen til toppen av M\u00f8ysalen.\" srcset=\"https:\/\/moeysalen.no\/wp-content\/uploads\/2025\/04\/moysaltur-guiding-sikring-isbre.jpg 1000w, https:\/\/moeysalen.no\/wp-content\/uploads\/2025\/04\/moysaltur-guiding-sikring-isbre-300x226.jpg 300w, https:\/\/moeysalen.no\/wp-content\/uploads\/2025\/04\/moysaltur-guiding-sikring-isbre-768x579.jpg 768w, https:\/\/moeysalen.no\/wp-content\/uploads\/2025\/04\/moysaltur-guiding-sikring-isbre-358x270.jpg 358w\" sizes=\"(max-width: 1000px) 100vw, 1000px\" \/>\t\t\t\t\t\t\t\t\t\t\t\t\t\t\t<\/div>\n\t\t\t\t<\/div>\n\t\t\t\t<\/div>\n\t\t<div class=\"elementor-element elementor-element-589e3495 e-con-full e-flex e-con e-child\" data-id=\"589e3495\" data-element_type=\"container\" data-e-type=\"container\">\n\t\t\t\t<div class=\"elementor-element elementor-element-4f90cf6b elementor-widget elementor-widget-heading\" data-id=\"4f90cf6b\" data-element_type=\"widget\" data-e-type=\"widget\" data-widget_type=\"heading.default\">\n\t\t\t\t<div class=\"elementor-widget-container\">\n\t\t\t\t\t<h4 class=\"elementor-heading-title elementor-size-default\">Sesong<\/h4>\t\t\t\t<\/div>\n\t\t\t\t<\/div>\n\t\t\t\t<div class=\"elementor-element elementor-element-119faae3 elementor-widget elementor-widget-text-editor\" data-id=\"119faae3\" data-element_type=\"widget\" data-e-type=\"widget\" data-widget_type=\"text-editor.default\">\n\t\t\t\t<div class=\"elementor-widget-container\">\n\t\t\t\t\t\t\t\t\t<p>Hver sommer fra slutten av juni til slutten av september arrangerer vi guidet toppturer til M\u00f8ysalen 1264 moh. \u2013 den originale m\u00f8ysalturen.<\/p>\t\t\t\t\t\t\t\t<\/div>\n\t\t\t\t<\/div>\n\t\t\t\t<div class=\"elementor-element elementor-element-10a88c7b elementor-widget-divider--view-line elementor-widget elementor-widget-divider\" data-id=\"10a88c7b\" data-element_type=\"widget\" data-e-type=\"widget\" data-widget_type=\"divider.default\">\n\t\t\t\t<div class=\"elementor-widget-container\">\n\t\t\t\t\t\t\t<div class=\"elementor-divider\">\n\t\t\t<span class=\"elementor-divider-separator\">\n\t\t\t\t\t\t<\/span>\n\t\t<\/div>\n\t\t\t\t\t\t<\/div>\n\t\t\t\t<\/div>\n\t\t\t\t<div class=\"elementor-element elementor-element-645fb3f elementor-widget elementor-widget-heading\" data-id=\"645fb3f\" data-element_type=\"widget\" data-e-type=\"widget\" data-widget_type=\"heading.default\">\n\t\t\t\t<div class=\"elementor-widget-container\">\n\t\t\t\t\t<h4 class=\"elementor-heading-title elementor-size-default\">Erfarne fjellf\u00f8rere<\/h4>\t\t\t\t<\/div>\n\t\t\t\t<\/div>\n\t\t\t\t<div class=\"elementor-element elementor-element-74b32afa elementor-widget elementor-widget-text-editor\" data-id=\"74b32afa\" data-element_type=\"widget\" data-e-type=\"widget\" data-widget_type=\"text-editor.default\">\n\t\t\t\t<div class=\"elementor-widget-container\">\n\t\t\t\t\t\t\t\t\t<p>Erfarne fjellf\u00f8rere fra M\u00f8ysalen nasjonalparksenter tar deg med p\u00e5 en flott naturopplevelse opp til det h\u00f8yeste fjellet i Vester\u00e5len.<\/p>\t\t\t\t\t\t\t\t<\/div>\n\t\t\t\t<\/div>\n\t\t\t\t<div class=\"elementor-element elementor-element-3147e35c elementor-widget-divider--view-line elementor-widget elementor-widget-divider\" data-id=\"3147e35c\" data-element_type=\"widget\" data-e-type=\"widget\" data-widget_type=\"divider.default\">\n\t\t\t\t<div class=\"elementor-widget-container\">\n\t\t\t\t\t\t\t<div class=\"elementor-divider\">\n\t\t\t<span class=\"elementor-divider-separator\">\n\t\t\t\t\t\t<\/span>\n\t\t<\/div>\n\t\t\t\t\t\t<\/div>\n\t\t\t\t<\/div>\n\t\t\t\t<div class=\"elementor-element elementor-element-12629496 elementor-widget elementor-widget-heading\" data-id=\"12629496\" data-element_type=\"widget\" data-e-type=\"widget\" data-widget_type=\"heading.default\">\n\t\t\t\t<div class=\"elementor-widget-container\">\n\t\t\t\t\t<h4 class=\"elementor-heading-title elementor-size-default\">B\u00e5ttransport<\/h4>\t\t\t\t<\/div>\n\t\t\t\t<\/div>\n\t\t\t\t<div class=\"elementor-element elementor-element-5a1082b7 elementor-widget elementor-widget-text-editor\" data-id=\"5a1082b7\" data-element_type=\"widget\" data-e-type=\"widget\" data-widget_type=\"text-editor.default\">\n\t\t\t\t<div class=\"elementor-widget-container\">\n\t\t\t\t\t\t\t\t\t<p>Turen starter med b\u00e5ttransport fra Hennes inn til Lonkanfjorden. Her f\u00e5r du virkelig kjenne p\u00e5 f\u00f8lelsen av \u00e5 g\u00e5 fra sj\u00f8kanten til himmelens tak!<\/p>\t\t\t\t\t\t\t\t<\/div>\n\t\t\t\t<\/div>\n\t\t\t\t<\/div>\n\t\t\t\t<\/div>\n\t\t\t\t\t<\/div>\n\t\t\t\t<\/div>\n\t\t<div class=\"elementor-element elementor-element-2b8688fd e-con-full e-flex e-con e-parent\" data-id=\"2b8688fd\" data-element_type=\"container\" data-e-type=\"container\">\n\t\t<div class=\"elementor-element elementor-element-3965f8f e-con-full e-flex e-con e-child\" data-id=\"3965f8f\" data-element_type=\"container\" data-e-type=\"container\">\n\t\t\t\t<div class=\"elementor-element elementor-element-27abacaf elementor-widget elementor-widget-heading\" data-id=\"27abacaf\" data-element_type=\"widget\" data-e-type=\"widget\" data-widget_type=\"heading.default\">\n\t\t\t\t<div class=\"elementor-widget-container\">\n\t\t\t\t\t<h3 class=\"elementor-heading-title elementor-size-default\">M\u00f8t opp i god tid<\/h3>\t\t\t\t<\/div>\n\t\t\t\t<\/div>\n\t\t\t\t<div class=\"elementor-element elementor-element-43882e0 elementor-widget elementor-widget-heading\" data-id=\"43882e0\" data-element_type=\"widget\" data-e-type=\"widget\" data-widget_type=\"heading.default\">\n\t\t\t\t<div class=\"elementor-widget-container\">\n\t\t\t\t\t<h2 class=\"elementor-heading-title elementor-size-default\">Praktisk informasjon<\/h2>\t\t\t\t<\/div>\n\t\t\t\t<\/div>\n\t\t\t\t<div class=\"elementor-element elementor-element-2060593b elementor-widget elementor-widget-text-editor\" data-id=\"2060593b\" data-element_type=\"widget\" data-e-type=\"widget\" data-widget_type=\"text-editor.default\">\n\t\t\t\t<div class=\"elementor-widget-container\">\n\t\t\t\t\t\t\t\t\t<p>Dagsturen starter kl. 9 \u2013 m\u00f8t opp i god tid for registrering og informasjon.<\/p><p>Turen tar ca. 10 timer og starter med en ca. 20 min. b\u00e5ttur inn den idylliske Lonkanfjorden. I Lonkanfjorden har vi egen flytebrygge for av- og p\u00e5stigning.<\/p><p>Det kreves ikke spesielt ekstrautstyr, men kle deg etter forholdene og ha fjellsko, helst med ankelst\u00f8tte. Staver anbefales, ellers egne kl\u00e6r etter v\u00e6rforholdene.<\/p><p>Ta med mat og drikke for 2+ pauser. Det er gode muligheter for \u00e5 fylle p\u00e5 friskt og rent fjellvann underveis opp til omlag 650 moh.<\/p><p>Du b\u00f8r v\u00e6re i fysisk god form og helst litt vant med \u00e5 g\u00e5 i fjellet. M\u00f8ysaltur b\u00f8r alts\u00e5 ikke v\u00e6re \u00e5rets f\u00f8rste dagstur. I enkelte litt krevende partier kan turen f\u00f8les turen ganske \u201dluftig\u201d men v\u00e5re fjellf\u00f8rere hjelper de som eventuelt m\u00e5tte f\u00f8le h\u00f8yden skremmende. Skulle turen bli for tung, kan du stoppe n\u00e5r du vil og vente der til resten av gruppa er tilbake fra toppen.<\/p><p>Det kreves et visst fysisk grunnlag, og om noen ikke klarer \u00e5 holde et relativt normalt tempo s\u00e5 kan turen avbrytes for disse.<\/p>\t\t\t\t\t\t\t\t<\/div>\n\t\t\t\t<\/div>\n\t\t\t\t<\/div>\n\t\t<div class=\"elementor-element elementor-element-4215bd7c e-con-full e-flex e-con e-child\" data-id=\"4215bd7c\" data-element_type=\"container\" data-e-type=\"container\">\n\t\t\t\t<div class=\"elementor-element elementor-element-5c93aebc elementor-widget elementor-widget-image\" data-id=\"5c93aebc\" data-element_type=\"widget\" data-e-type=\"widget\" data-settings=\"{&quot;motion_fx_motion_fx_scrolling&quot;:&quot;yes&quot;,&quot;motion_fx_translateY_effect&quot;:&quot;yes&quot;,&quot;motion_fx_translateY_direction&quot;:&quot;negative&quot;,&quot;motion_fx_translateY_speed&quot;:{&quot;unit&quot;:&quot;px&quot;,&quot;size&quot;:&quot;1&quot;,&quot;sizes&quot;:[]},&quot;motion_fx_devices&quot;:[&quot;desktop&quot;,&quot;tablet&quot;],&quot;motion_fx_translateY_affectedRange&quot;:{&quot;unit&quot;:&quot;%&quot;,&quot;size&quot;:&quot;&quot;,&quot;sizes&quot;:{&quot;start&quot;:0,&quot;end&quot;:100}}}\" data-widget_type=\"image.default\">\n\t\t\t\t<div class=\"elementor-widget-container\">\n\t\t\t\t\t\t\t\t\t\t\t\t\t\t\t<img decoding=\"async\" width=\"773\" height=\"1000\" src=\"https:\/\/moeysalen.no\/wp-content\/uploads\/2025\/04\/moysaltur-toppen-gruppebilde-karlot-3.jpg\" class=\"attachment-full size-full wp-image-695\" alt=\"Guide Karlot med f\u00f8lge p\u00e5 vei til toppen av M\u00f8ysalen.\" srcset=\"https:\/\/moeysalen.no\/wp-content\/uploads\/2025\/04\/moysaltur-toppen-gruppebilde-karlot-3.jpg 773w, https:\/\/moeysalen.no\/wp-content\/uploads\/2025\/04\/moysaltur-toppen-gruppebilde-karlot-3-232x300.jpg 232w, https:\/\/moeysalen.no\/wp-content\/uploads\/2025\/04\/moysaltur-toppen-gruppebilde-karlot-3-768x994.jpg 768w, https:\/\/moeysalen.no\/wp-content\/uploads\/2025\/04\/moysaltur-toppen-gruppebilde-karlot-3-209x270.jpg 209w\" sizes=\"(max-width: 773px) 100vw, 773px\" \/>\t\t\t\t\t\t\t\t\t\t\t\t\t\t\t<\/div>\n\t\t\t\t<\/div>\n\t\t\t\t<div class=\"elementor-element elementor-element-320c0ab8 elementor-widget elementor-widget-image\" data-id=\"320c0ab8\" data-element_type=\"widget\" data-e-type=\"widget\" data-settings=\"{&quot;motion_fx_motion_fx_scrolling&quot;:&quot;yes&quot;,&quot;motion_fx_translateY_effect&quot;:&quot;yes&quot;,&quot;motion_fx_translateY_speed&quot;:{&quot;unit&quot;:&quot;px&quot;,&quot;size&quot;:&quot;1&quot;,&quot;sizes&quot;:[]},&quot;motion_fx_devices&quot;:[&quot;desktop&quot;,&quot;tablet&quot;],&quot;motion_fx_translateY_affectedRange&quot;:{&quot;unit&quot;:&quot;%&quot;,&quot;size&quot;:&quot;&quot;,&quot;sizes&quot;:{&quot;start&quot;:0,&quot;end&quot;:100}}}\" data-widget_type=\"image.default\">\n\t\t\t\t<div class=\"elementor-widget-container\">\n\t\t\t\t\t\t\t\t\t\t\t\t\t\t\t<img decoding=\"async\" width=\"773\" height=\"1000\" src=\"https:\/\/moeysalen.no\/wp-content\/uploads\/2025\/04\/gruppebilde-toppen-moysalen.jpg\" class=\"attachment-full size-full wp-image-697\" alt=\"Gruppebilde p\u00e5 toppen av M\u00f8ysalen.\" srcset=\"https:\/\/moeysalen.no\/wp-content\/uploads\/2025\/04\/gruppebilde-toppen-moysalen.jpg 773w, https:\/\/moeysalen.no\/wp-content\/uploads\/2025\/04\/gruppebilde-toppen-moysalen-232x300.jpg 232w, https:\/\/moeysalen.no\/wp-content\/uploads\/2025\/04\/gruppebilde-toppen-moysalen-768x994.jpg 768w, https:\/\/moeysalen.no\/wp-content\/uploads\/2025\/04\/gruppebilde-toppen-moysalen-209x270.jpg 209w\" sizes=\"(max-width: 773px) 100vw, 773px\" \/>\t\t\t\t\t\t\t\t\t\t\t\t\t\t\t<\/div>\n\t\t\t\t<\/div>\n\t\t\t\t<\/div>\n\t\t\t\t<\/div>\n\t\t<div class=\"elementor-element elementor-element-405aac03 e-con-full e-flex e-con e-parent\" data-id=\"405aac03\" data-element_type=\"container\" data-e-type=\"container\">\n\t\t<div class=\"elementor-element elementor-element-2c42e1 e-con-full elementor-hidden-mobile elementor-hidden-tablet e-flex e-con e-child\" data-id=\"2c42e1\" data-element_type=\"container\" data-e-type=\"container\" data-settings=\"{&quot;background_background&quot;:&quot;classic&quot;,&quot;motion_fx_motion_fx_scrolling&quot;:&quot;yes&quot;,&quot;motion_fx_translateY_effect&quot;:&quot;yes&quot;,&quot;motion_fx_translateY_direction&quot;:&quot;negative&quot;,&quot;motion_fx_translateY_speed&quot;:{&quot;unit&quot;:&quot;px&quot;,&quot;size&quot;:&quot;1&quot;,&quot;sizes&quot;:[]},&quot;background_motion_fx_motion_fx_scrolling&quot;:&quot;yes&quot;,&quot;background_motion_fx_translateY_effect&quot;:&quot;yes&quot;,&quot;background_motion_fx_translateY_speed&quot;:{&quot;unit&quot;:&quot;px&quot;,&quot;size&quot;:1,&quot;sizes&quot;:[]},&quot;background_motion_fx_translateY_affectedRange&quot;:{&quot;unit&quot;:&quot;%&quot;,&quot;size&quot;:&quot;&quot;,&quot;sizes&quot;:{&quot;start&quot;:0,&quot;end&quot;:100}},&quot;background_motion_fx_devices&quot;:[&quot;desktop&quot;,&quot;tablet_extra&quot;,&quot;tablet&quot;,&quot;mobile&quot;],&quot;motion_fx_translateY_affectedRange&quot;:{&quot;unit&quot;:&quot;%&quot;,&quot;size&quot;:&quot;&quot;,&quot;sizes&quot;:{&quot;start&quot;:0,&quot;end&quot;:100}},&quot;motion_fx_devices&quot;:[&quot;desktop&quot;,&quot;tablet_extra&quot;,&quot;tablet&quot;,&quot;mobile&quot;]}\">\n\t\t\t\t<div class=\"elementor-element elementor-element-ffccb3d elementor-widget elementor-widget-heading\" data-id=\"ffccb3d\" data-element_type=\"widget\" data-e-type=\"widget\" data-widget_type=\"heading.default\">\n\t\t\t\t<div class=\"elementor-widget-container\">\n\t\t\t\t\t<h3 class=\"elementor-heading-title elementor-size-default\">Bli med oss til toppen<\/h3>\t\t\t\t<\/div>\n\t\t\t\t<\/div>\n\t\t\t\t<div class=\"elementor-element elementor-element-506bd87a elementor-widget elementor-widget-heading\" data-id=\"506bd87a\" data-element_type=\"widget\" data-e-type=\"widget\" data-widget_type=\"heading.default\">\n\t\t\t\t<div class=\"elementor-widget-container\">\n\t\t\t\t\t<h2 class=\"elementor-heading-title elementor-size-default\">P\u00e5melding<\/h2>\t\t\t\t<\/div>\n\t\t\t\t<\/div>\n\t\t\t\t<div class=\"elementor-element elementor-element-755dc5e5 elementor-widget elementor-widget-text-editor\" data-id=\"755dc5e5\" data-element_type=\"widget\" data-e-type=\"widget\" data-widget_type=\"text-editor.default\">\n\t\t\t\t<div class=\"elementor-widget-container\">\n\t\t\t\t\t\t\t\t\t<p>P\u00e5melding til den aktuelle turen du \u00f8nsker \u00e5 g\u00e5 m\u00e5 skje kl. 14 dagen f\u00f8r turen g\u00e5r. Ved p\u00e5melding bes det oppgi navn p\u00e5 alle deltakere, og telefon til kontaktperson.<\/p><p>Oppm\u00f8te er inne p\u00e5 M\u00f8ysalen Nasjonalparksenter, ca. kl. 8:30 for registrering og info, om ikke annet er avtalt.<\/p>\t\t\t\t\t\t\t\t<\/div>\n\t\t\t\t<\/div>\n\t\t\t\t<div class=\"elementor-element elementor-element-797a3c6b elementor-align-left elementor-mobile-align-left elementor-widget elementor-widget-button\" data-id=\"797a3c6b\" data-element_type=\"widget\" data-e-type=\"widget\" data-widget_type=\"button.default\">\n\t\t\t\t<div class=\"elementor-widget-container\">\n\t\t\t\t\t\t\t\t\t<div class=\"elementor-button-wrapper\">\n\t\t\t\t\t<a class=\"elementor-button elementor-button-link elementor-size-sm elementor-animation-grow\" href=\"https:\/\/booking.visitvesteralen.com\/nb\/bestill\/se-gjore\/2720519\/guidet-tur-til-m%c3%b8ysalen\/showdetails\" target=\"_blank\">\n\t\t\t\t\t\t<span class=\"elementor-button-content-wrapper\">\n\t\t\t\t\t\t<span class=\"elementor-button-icon\">\n\t\t\t\t<svg aria-hidden=\"true\" class=\"e-font-icon-svg e-fas-angle-right\" viewBox=\"0 0 256 512\" xmlns=\"http:\/\/www.w3.org\/2000\/svg\"><path d=\"M224.3 273l-136 136c-9.4 9.4-24.6 9.4-33.9 0l-22.6-22.6c-9.4-9.4-9.4-24.6 0-33.9l96.4-96.4-96.4-96.4c-9.4-9.4-9.4-24.6 0-33.9L54.3 103c9.4-9.4 24.6-9.4 33.9 0l136 136c9.5 9.4 9.5 24.6.1 34z\"><\/path><\/svg>\t\t\t<\/span>\n\t\t\t\t\t\t\t\t\t<span class=\"elementor-button-text\">Book her<\/span>\n\t\t\t\t\t<\/span>\n\t\t\t\t\t<\/a>\n\t\t\t\t<\/div>\n\t\t\t\t\t\t\t\t<\/div>\n\t\t\t\t<\/div>\n\t\t\t\t<\/div>\n\t\t<div class=\"elementor-element elementor-element-b364018 e-con-full elementor-hidden-desktop e-flex e-con e-child\" data-id=\"b364018\" data-element_type=\"container\" data-e-type=\"container\" data-settings=\"{&quot;background_background&quot;:&quot;classic&quot;,&quot;motion_fx_motion_fx_scrolling&quot;:&quot;yes&quot;,&quot;motion_fx_translateY_effect&quot;:&quot;yes&quot;,&quot;motion_fx_translateY_direction&quot;:&quot;negative&quot;,&quot;motion_fx_translateY_speed&quot;:{&quot;unit&quot;:&quot;px&quot;,&quot;size&quot;:&quot;1&quot;,&quot;sizes&quot;:[]},&quot;background_motion_fx_motion_fx_scrolling&quot;:&quot;yes&quot;,&quot;background_motion_fx_translateY_effect&quot;:&quot;yes&quot;,&quot;background_motion_fx_translateY_speed&quot;:{&quot;unit&quot;:&quot;px&quot;,&quot;size&quot;:1,&quot;sizes&quot;:[]},&quot;background_motion_fx_blur_effect&quot;:&quot;yes&quot;,&quot;background_motion_fx_blur_level&quot;:{&quot;unit&quot;:&quot;px&quot;,&quot;size&quot;:2,&quot;sizes&quot;:[]},&quot;background_motion_fx_translateY_affectedRange&quot;:{&quot;unit&quot;:&quot;%&quot;,&quot;size&quot;:&quot;&quot;,&quot;sizes&quot;:{&quot;start&quot;:0,&quot;end&quot;:100}},&quot;background_motion_fx_blur_direction&quot;:&quot;out-in&quot;,&quot;background_motion_fx_blur_range&quot;:{&quot;unit&quot;:&quot;%&quot;,&quot;size&quot;:&quot;&quot;,&quot;sizes&quot;:{&quot;start&quot;:20,&quot;end&quot;:80}},&quot;background_motion_fx_devices&quot;:[&quot;desktop&quot;,&quot;tablet_extra&quot;,&quot;tablet&quot;,&quot;mobile&quot;],&quot;motion_fx_translateY_affectedRange&quot;:{&quot;unit&quot;:&quot;%&quot;,&quot;size&quot;:&quot;&quot;,&quot;sizes&quot;:{&quot;start&quot;:0,&quot;end&quot;:100}},&quot;motion_fx_devices&quot;:[&quot;desktop&quot;,&quot;tablet_extra&quot;,&quot;tablet&quot;,&quot;mobile&quot;]}\">\n\t\t\t\t<div class=\"elementor-element elementor-element-3112778 elementor-widget elementor-widget-heading\" data-id=\"3112778\" data-element_type=\"widget\" data-e-type=\"widget\" data-widget_type=\"heading.default\">\n\t\t\t\t<div class=\"elementor-widget-container\">\n\t\t\t\t\t<h3 class=\"elementor-heading-title elementor-size-default\">Bli med oss til toppen<\/h3>\t\t\t\t<\/div>\n\t\t\t\t<\/div>\n\t\t\t\t<div class=\"elementor-element elementor-element-2249614 elementor-widget elementor-widget-heading\" data-id=\"2249614\" data-element_type=\"widget\" data-e-type=\"widget\" data-widget_type=\"heading.default\">\n\t\t\t\t<div class=\"elementor-widget-container\">\n\t\t\t\t\t<h2 class=\"elementor-heading-title elementor-size-default\">P\u00e5melding<\/h2>\t\t\t\t<\/div>\n\t\t\t\t<\/div>\n\t\t\t\t<div class=\"elementor-element elementor-element-85c3b92 elementor-widget elementor-widget-text-editor\" data-id=\"85c3b92\" data-element_type=\"widget\" data-e-type=\"widget\" data-widget_type=\"text-editor.default\">\n\t\t\t\t<div class=\"elementor-widget-container\">\n\t\t\t\t\t\t\t\t\t<p>P\u00e5melding til den aktuelle turen du \u00f8nsker \u00e5 g\u00e5 m\u00e5 skje kl. 14 dagen f\u00f8r turen g\u00e5r. Ved p\u00e5melding bes det oppgi navn p\u00e5 alle deltakere, og telefon til kontaktperson.<\/p><p>Oppm\u00f8te er inne p\u00e5 M\u00f8ysalen Nasjonalparksenter, ca. kl. 8:30 for registrering og info, om ikke annet er avtalt.<\/p>\t\t\t\t\t\t\t\t<\/div>\n\t\t\t\t<\/div>\n\t\t\t\t<div class=\"elementor-element elementor-element-c3352ec elementor-align-left elementor-mobile-align-left elementor-widget elementor-widget-button\" data-id=\"c3352ec\" data-element_type=\"widget\" data-e-type=\"widget\" data-widget_type=\"button.default\">\n\t\t\t\t<div class=\"elementor-widget-container\">\n\t\t\t\t\t\t\t\t\t<div class=\"elementor-button-wrapper\">\n\t\t\t\t\t<a class=\"elementor-button elementor-button-link elementor-size-sm elementor-animation-grow\" href=\"https:\/\/booking.visitvesteralen.com\/nb\/bestill\/se-gjore\/2720519\/guidet-tur-til-m%c3%b8ysalen\/showdetails\" target=\"_blank\">\n\t\t\t\t\t\t<span class=\"elementor-button-content-wrapper\">\n\t\t\t\t\t\t<span class=\"elementor-button-icon\">\n\t\t\t\t<svg aria-hidden=\"true\" class=\"e-font-icon-svg e-fas-angle-right\" viewBox=\"0 0 256 512\" xmlns=\"http:\/\/www.w3.org\/2000\/svg\"><path d=\"M224.3 273l-136 136c-9.4 9.4-24.6 9.4-33.9 0l-22.6-22.6c-9.4-9.4-9.4-24.6 0-33.9l96.4-96.4-96.4-96.4c-9.4-9.4-9.4-24.6 0-33.9L54.3 103c9.4-9.4 24.6-9.4 33.9 0l136 136c9.5 9.4 9.5 24.6.1 34z\"><\/path><\/svg>\t\t\t<\/span>\n\t\t\t\t\t\t\t\t\t<span class=\"elementor-button-text\">Book her<\/span>\n\t\t\t\t\t<\/span>\n\t\t\t\t\t<\/a>\n\t\t\t\t<\/div>\n\t\t\t\t\t\t\t\t<\/div>\n\t\t\t\t<\/div>\n\t\t\t\t<\/div>\n\t\t<div class=\"elementor-element elementor-element-2c61cf06 e-con-full elementor-hidden-mobile e-flex e-con e-child\" data-id=\"2c61cf06\" data-element_type=\"container\" data-e-type=\"container\">\n\t\t\t\t<\/div>\n\t\t\t\t<\/div>\n\t\t\t\t<\/div>\n\t\t","protected":false},"excerpt":{"rendered":"<p>Det h\u00f8yeste fjellet i Vester\u00e5len Bestig M\u00f8ysalen M\u00f8ysalen er et sagnomsust fjell med sine 1264 meter over havet, og byr p\u00e5 spektakul\u00e6r utsikt utover den vakre regionen v\u00e5r og en vakker naturopplevelse gjennom nasjonalparken. M\u00f8ysaltur siden 2007 Guidet tur til M\u00f8ysalen Sesong Hver sommer fra slutten av juni til slutten av september arrangerer vi guidet [&hellip;]<\/p>\n","protected":false},"author":2,"featured_media":0,"parent":0,"menu_order":0,"comment_status":"closed","ping_status":"closed","template":"elementor_header_footer","meta":{"footnotes":""},"class_list":["post-314","page","type-page","status-publish","hentry"],"yoast_head":"<!-- This site is optimized with the Yoast SEO plugin v27.5 - https:\/\/yoast.com\/product\/yoast-seo-wordpress\/ -->\n<title>Guidet tur til M\u00f8ysalen 1264 moh. | M\u00f8ysalen Nasjonalparksenter<\/title>\n<meta name=\"description\" content=\"V\u00e5r guidet tur til M\u00f8ysalen 1264 moh. byr p\u00e5 spektakul\u00e6r utsikt og en vakker naturopplevelse gjennom nasjonalparken i Vester\u00e5len.\" \/>\n<meta name=\"robots\" content=\"index, follow, max-snippet:-1, max-image-preview:large, max-video-preview:-1\" \/>\n<link rel=\"canonical\" href=\"https:\/\/moeysalen.no\/en\/moysalen-tour\/\" \/>\n<meta property=\"og:locale\" content=\"en_US\" \/>\n<meta property=\"og:type\" content=\"article\" \/>\n<meta property=\"og:title\" content=\"Bestig M\u00f8ysalen 1264 moh.\" \/>\n<meta property=\"og:description\" content=\"V\u00e5r guidet tur til M\u00f8ysalen 1264 moh. byr p\u00e5 spektakul\u00e6r utsikt og en vakker naturopplevelse gjennom nasjonalparken i Vester\u00e5len.\" \/>\n<meta property=\"og:url\" content=\"https:\/\/moeysalen.no\/en\/moysalen-tour\/\" \/>\n<meta property=\"og:site_name\" content=\"M\u00f8ysalen Nasjonalparksenter\" \/>\n<meta property=\"article:publisher\" content=\"https:\/\/www.facebook.com\/profile.php?id=100048671601552\" \/>\n<meta property=\"article:modified_time\" content=\"2025-05-13T18:43:33+00:00\" \/>\n<meta property=\"og:image\" content=\"https:\/\/moeysalen.no\/wp-content\/uploads\/2025\/05\/moysalen-isbree-hovedbilde.jpg\" \/>\n\t<meta property=\"og:image:width\" content=\"1200\" \/>\n\t<meta property=\"og:image:height\" content=\"675\" \/>\n\t<meta property=\"og:image:type\" content=\"image\/jpeg\" \/>\n<meta name=\"twitter:card\" content=\"summary_large_image\" \/>\n<meta name=\"twitter:label1\" content=\"Est. reading time\" \/>\n\t<meta name=\"twitter:data1\" content=\"3 minutes\" \/>\n<script type=\"application\/ld+json\" class=\"yoast-schema-graph\">{\"@context\":\"https:\\\/\\\/schema.org\",\"@graph\":[{\"@type\":\"WebPage\",\"@id\":\"https:\\\/\\\/moeysalen.no\\\/moysaltur\\\/\",\"url\":\"https:\\\/\\\/moeysalen.no\\\/moysaltur\\\/\",\"name\":\"Guidet tur til M\u00f8ysalen 1264 moh. | M\u00f8ysalen Nasjonalparksenter\",\"isPartOf\":{\"@id\":\"https:\\\/\\\/moeysalen.no\\\/#website\"},\"primaryImageOfPage\":{\"@id\":\"https:\\\/\\\/moeysalen.no\\\/moysaltur\\\/#primaryimage\"},\"image\":{\"@id\":\"https:\\\/\\\/moeysalen.no\\\/moysaltur\\\/#primaryimage\"},\"thumbnailUrl\":\"https:\\\/\\\/moeysalen.no\\\/wp-content\\\/uploads\\\/2025\\\/04\\\/moysaltur-guiding-sikring-isbre.jpg\",\"datePublished\":\"2025-04-15T16:50:36+00:00\",\"dateModified\":\"2025-05-13T18:43:33+00:00\",\"description\":\"V\u00e5r guidet tur til M\u00f8ysalen 1264 moh. byr p\u00e5 spektakul\u00e6r utsikt og en vakker naturopplevelse gjennom nasjonalparken i Vester\u00e5len.\",\"breadcrumb\":{\"@id\":\"https:\\\/\\\/moeysalen.no\\\/moysaltur\\\/#breadcrumb\"},\"inLanguage\":\"en\",\"potentialAction\":[{\"@type\":\"ReadAction\",\"target\":[\"https:\\\/\\\/moeysalen.no\\\/moysaltur\\\/\"]}]},{\"@type\":\"ImageObject\",\"inLanguage\":\"en\",\"@id\":\"https:\\\/\\\/moeysalen.no\\\/moysaltur\\\/#primaryimage\",\"url\":\"https:\\\/\\\/moeysalen.no\\\/wp-content\\\/uploads\\\/2025\\\/04\\\/moysaltur-guiding-sikring-isbre.jpg\",\"contentUrl\":\"https:\\\/\\\/moeysalen.no\\\/wp-content\\\/uploads\\\/2025\\\/04\\\/moysaltur-guiding-sikring-isbre.jpg\"},{\"@type\":\"BreadcrumbList\",\"@id\":\"https:\\\/\\\/moeysalen.no\\\/moysaltur\\\/#breadcrumb\",\"itemListElement\":[{\"@type\":\"ListItem\",\"position\":1,\"name\":\"Hjem\",\"item\":\"https:\\\/\\\/moeysalen.no\\\/\"},{\"@type\":\"ListItem\",\"position\":2,\"name\":\"M\u00f8ysaltur\"}]},{\"@type\":\"WebSite\",\"@id\":\"https:\\\/\\\/moeysalen.no\\\/#website\",\"url\":\"https:\\\/\\\/moeysalen.no\\\/\",\"name\":\"M\u00f8ysalen Nasjonalparksenter\",\"description\":\"\",\"publisher\":{\"@id\":\"https:\\\/\\\/moeysalen.no\\\/#organization\"},\"potentialAction\":[{\"@type\":\"SearchAction\",\"target\":{\"@type\":\"EntryPoint\",\"urlTemplate\":\"https:\\\/\\\/moeysalen.no\\\/?s={search_term_string}\"},\"query-input\":{\"@type\":\"PropertyValueSpecification\",\"valueRequired\":true,\"valueName\":\"search_term_string\"}}],\"inLanguage\":\"en\"},{\"@type\":\"Organization\",\"@id\":\"https:\\\/\\\/moeysalen.no\\\/#organization\",\"name\":\"M\u00f8ysalen Nasjonalparksenter\",\"url\":\"https:\\\/\\\/moeysalen.no\\\/\",\"logo\":{\"@type\":\"ImageObject\",\"inLanguage\":\"en\",\"@id\":\"https:\\\/\\\/moeysalen.no\\\/#\\\/schema\\\/logo\\\/image\\\/\",\"url\":\"https:\\\/\\\/moeysalen.no\\\/wp-content\\\/uploads\\\/2025\\\/04\\\/Moysalen-Nasjonalparksenter-logo-original.png\",\"contentUrl\":\"https:\\\/\\\/moeysalen.no\\\/wp-content\\\/uploads\\\/2025\\\/04\\\/Moysalen-Nasjonalparksenter-logo-original.png\",\"width\":350,\"height\":209,\"caption\":\"M\u00f8ysalen Nasjonalparksenter\"},\"image\":{\"@id\":\"https:\\\/\\\/moeysalen.no\\\/#\\\/schema\\\/logo\\\/image\\\/\"},\"sameAs\":[\"https:\\\/\\\/www.facebook.com\\\/profile.php?id=100048671601552\",\"https:\\\/\\\/www.instagram.com\\\/moysalennasjonalparksenter\\\/\"]}]}<\/script>\n<!-- \/ Yoast SEO plugin. -->","yoast_head_json":{"title":"Guided tour to M\u00f8ysalen 1264 m. | M\u00f8ysalen National Park Center","description":"Our guided tour to M\u00f8ysalen 1264 m above sea level offers spectacular views and a beautiful nature experience through the national park in Vester\u00e5len.","robots":{"index":"index","follow":"follow","max-snippet":"max-snippet:-1","max-image-preview":"max-image-preview:large","max-video-preview":"max-video-preview:-1"},"canonical":"https:\/\/moeysalen.no\/en\/moysalen-tour\/","og_locale":"en_US","og_type":"article","og_title":"Bestig M\u00f8ysalen 1264 moh.","og_description":"V\u00e5r guidet tur til M\u00f8ysalen 1264 moh. byr p\u00e5 spektakul\u00e6r utsikt og en vakker naturopplevelse gjennom nasjonalparken i Vester\u00e5len.","og_url":"https:\/\/moeysalen.no\/en\/moysalen-tour\/","og_site_name":"M\u00f8ysalen Nasjonalparksenter","article_publisher":"https:\/\/www.facebook.com\/profile.php?id=100048671601552","article_modified_time":"2025-05-13T18:43:33+00:00","og_image":[{"width":1200,"height":675,"url":"https:\/\/moeysalen.no\/wp-content\/uploads\/2025\/05\/moysalen-isbree-hovedbilde.jpg","type":"image\/jpeg"}],"twitter_card":"summary_large_image","twitter_misc":{"Est. reading time":"3 minutes"},"schema":{"@context":"https:\/\/schema.org","@graph":[{"@type":"WebPage","@id":"https:\/\/moeysalen.no\/moysaltur\/","url":"https:\/\/moeysalen.no\/moysaltur\/","name":"Guided tour to M\u00f8ysalen 1264 m. | M\u00f8ysalen National Park Center","isPartOf":{"@id":"https:\/\/moeysalen.no\/#website"},"primaryImageOfPage":{"@id":"https:\/\/moeysalen.no\/moysaltur\/#primaryimage"},"image":{"@id":"https:\/\/moeysalen.no\/moysaltur\/#primaryimage"},"thumbnailUrl":"https:\/\/moeysalen.no\/wp-content\/uploads\/2025\/04\/moysaltur-guiding-sikring-isbre.jpg","datePublished":"2025-04-15T16:50:36+00:00","dateModified":"2025-05-13T18:43:33+00:00","description":"Our guided tour to M\u00f8ysalen 1264 m above sea level offers spectacular views and a beautiful nature experience through the national park in Vester\u00e5len.","breadcrumb":{"@id":"https:\/\/moeysalen.no\/moysaltur\/#breadcrumb"},"inLanguage":"en","potentialAction":[{"@type":"ReadAction","target":["https:\/\/moeysalen.no\/moysaltur\/"]}]},{"@type":"ImageObject","inLanguage":"en","@id":"https:\/\/moeysalen.no\/moysaltur\/#primaryimage","url":"https:\/\/moeysalen.no\/wp-content\/uploads\/2025\/04\/moysaltur-guiding-sikring-isbre.jpg","contentUrl":"https:\/\/moeysalen.no\/wp-content\/uploads\/2025\/04\/moysaltur-guiding-sikring-isbre.jpg"},{"@type":"BreadcrumbList","@id":"https:\/\/moeysalen.no\/moysaltur\/#breadcrumb","itemListElement":[{"@type":"ListItem","position":1,"name":"Hjem","item":"https:\/\/moeysalen.no\/"},{"@type":"ListItem","position":2,"name":"M\u00f8ysaltur"}]},{"@type":"WebSite","@id":"https:\/\/moeysalen.no\/#website","url":"https:\/\/moeysalen.no\/","name":"M\u00f8ysalen National Park Center","description":"","publisher":{"@id":"https:\/\/moeysalen.no\/#organization"},"potentialAction":[{"@type":"SearchAction","target":{"@type":"EntryPoint","urlTemplate":"https:\/\/moeysalen.no\/?s={search_term_string}"},"query-input":{"@type":"PropertyValueSpecification","valueRequired":true,"valueName":"search_term_string"}}],"inLanguage":"en"},{"@type":"Organization","@id":"https:\/\/moeysalen.no\/#organization","name":"M\u00f8ysalen National Park Center","url":"https:\/\/moeysalen.no\/","logo":{"@type":"ImageObject","inLanguage":"en","@id":"https:\/\/moeysalen.no\/#\/schema\/logo\/image\/","url":"https:\/\/moeysalen.no\/wp-content\/uploads\/2025\/04\/Moysalen-Nasjonalparksenter-logo-original.png","contentUrl":"https:\/\/moeysalen.no\/wp-content\/uploads\/2025\/04\/Moysalen-Nasjonalparksenter-logo-original.png","width":350,"height":209,"caption":"M\u00f8ysalen Nasjonalparksenter"},"image":{"@id":"https:\/\/moeysalen.no\/#\/schema\/logo\/image\/"},"sameAs":["https:\/\/www.facebook.com\/profile.php?id=100048671601552","https:\/\/www.instagram.com\/moysalennasjonalparksenter\/"]}]}},"_links":{"self":[{"href":"https:\/\/moeysalen.no\/en\/wp-json\/wp\/v2\/pages\/314","targetHints":{"allow":["GET"]}}],"collection":[{"href":"https:\/\/moeysalen.no\/en\/wp-json\/wp\/v2\/pages"}],"about":[{"href":"https:\/\/moeysalen.no\/en\/wp-json\/wp\/v2\/types\/page"}],"author":[{"embeddable":true,"href":"https:\/\/moeysalen.no\/en\/wp-json\/wp\/v2\/users\/2"}],"replies":[{"embeddable":true,"href":"https:\/\/moeysalen.no\/en\/wp-json\/wp\/v2\/comments?post=314"}],"version-history":[{"count":167,"href":"https:\/\/moeysalen.no\/en\/wp-json\/wp\/v2\/pages\/314\/revisions"}],"predecessor-version":[{"id":1193,"href":"https:\/\/moeysalen.no\/en\/wp-json\/wp\/v2\/pages\/314\/revisions\/1193"}],"wp:attachment":[{"href":"https:\/\/moeysalen.no\/en\/wp-json\/wp\/v2\/media?parent=314"}],"curies":[{"name":"wp","href":"https:\/\/api.w.org\/{rel}","templated":true}]}}